{"id":465,"date":"2017-09-13T16:30:12","date_gmt":"2017-09-13T14:30:12","guid":{"rendered":"http:\/\/llakurzy.sk\/pracovnepravo\/?page_id=465"},"modified":"2018-03-16T23:01:02","modified_gmt":"2018-03-16T22:01:02","slug":"kurz-2a-kompetencie-zastupcov-zamestnancov-a-kolektivne-vyjednavanie","status":"publish","type":"page","link":"http:\/\/llakurzy.sk\/pracovnepravo\/kurzy\/kurz-2a-kompetencie-zastupcov-zamestnancov-a-kolektivne-vyjednavanie\/","title":{"rendered":"Kurz 2A: Kompetencie z\u00e1stupcov zamestnancov a kolekt\u00edvne vyjedn\u00e1vanie"},"content":{"rendered":"<div id=\"pl-465\"  class=\"panel-layout\" ><div id=\"pg-465-0\"  class=\"panel-grid panel-has-style\" ><div class=\"kurz panel-row-style panel-row-style-for-465-0\" ><div id=\"pgc-465-0-0\"  class=\"panel-grid-cell\" ><div id=\"panel-465-0-0-0\" class=\"so-panel widget widget_sow-editor panel-first-child panel-last-child\" data-index=\"0\" ><div class=\"panel-widget-style panel-widget-style-for-465-0-0-0\" ><div class=\"so-widget-sow-editor so-widget-sow-editor-base\">\n<div class=\"siteorigin-widget-tinymce textwidget\">\n\t<h1>Kurz 2A: Kompetencie z\u00e1stupcov zamestnancov a kolekt\u00edvne vyjedn\u00e1vanie<\/h1>\n<a href=\"http:\/\/llakurzy.sk\/pracovnepravo\/\"> <img decoding=\"async\" class=\"alignnone size-full wp-image-235 back-img\" src=\"http:\/\/llakurzy.sk\/pracovnepravo\/wp-content\/themes\/lla\/assets\/back.svg\" alt=\"back\" \/><\/a>\n<a href=\"http:\/\/llakurzy.sk\/pracovnepravo\/\"><p class=\"back\">Sp\u00e4\u0165 ku v\u0161etk\u00fdm kurzom\n\n<\/a>\n&nbsp;\n\n<hr \/>\n\n<img loading=\"lazy\" decoding=\"async\" class=\"alignnone size-full wp-image-236 kurz-icon\" src=\"http:\/\/llakurzy.sk\/pracovnepravo\/wp-content\/uploads\/2017\/08\/youtube.png\" alt=\"\" width=\"93\" height=\"93\" \/>\n<div class=\"kurz-info-h\">\n<p class=\"kurzy-title\">Video:\n\n\n<p class=\"kurzy-text\">predstavenie kurzu\n\n\n<iframe loading=\"lazy\" src=\"https:\/\/www.youtube.com\/embed\/iweCDYr7k38\" width=\"300\" height=\"150\">\n<\/iframe>\n\n<\/div>\n\n<hr \/>\n\n<img loading=\"lazy\" decoding=\"async\" class=\"alignnone size-full wp-image-236 kurz-icon\" src=\"http:\/\/llakurzy.sk\/pracovnepravo\/wp-content\/uploads\/2017\/08\/time.png\" alt=\"\" width=\"93\" height=\"93\" \/>\n<div class=\"kurz-info\">\n<p class=\"kurzy-title\">Rozsah:\n\n\n<p class=\"kurzy-text\">6 hod\u00edn\n\n\n\n<\/div>\n\n<hr \/>\n\n<img loading=\"lazy\" decoding=\"async\" class=\"alignnone size-full wp-image-236 kurz-icon\" src=\"http:\/\/llakurzy.sk\/pracovnepravo\/wp-content\/uploads\/2017\/08\/reunion.png\" alt=\"\" width=\"93\" height=\"93\" \/>\n<div class=\"kurz-info-h\">\n<p class=\"kurzy-title\">Pre v\u0161etk\u00fdch:\n\n\n<p class=\"kurzy-text\">zamestnancov person\u00e1lnych a pr\u00e1vnych oddelen\u00ed, pr\u00e1vnikov, riadiacich zamestnancov so zodpovednos\u0165ou za person\u00e1lnu a mzdov\u00fa agendu\n\n\n\n<\/div>\n\n<hr \/>\n\n<img loading=\"lazy\" decoding=\"async\" class=\"alignnone size-full wp-image-236 kurz-icon\" src=\"http:\/\/llakurzy.sk\/pracovnepravo\/wp-content\/uploads\/2017\/08\/lecture.png\" alt=\"\" width=\"93\" height=\"93\" \/>\n<div class=\"kurz-info\">\n<p class=\"kurzy-title\">Po\u010det \u00fa\u010dastn\u00edkov:\n\n\n<p class=\"kurzy-text\">max. 30\n\n\n\n<\/div>\n\n<hr \/>\n\n<img loading=\"lazy\" decoding=\"async\" class=\"alignnone size-full wp-image-236 kurz-icon\" src=\"http:\/\/llakurzy.sk\/pracovnepravo\/wp-content\/uploads\/2017\/08\/target.png\" alt=\"\" width=\"93\" height=\"93\" \/>\n<div class=\"kurz-info-h\">\n<p class=\"kurzy-title\">Cie\u013e a obsah kurzu:\n\n\n<p class=\"kurzy-text\">- osvojenie si z\u00e1kladn\u00fdch teoretick\u00fdch i praktick\u00fdch poznatkov z oblasti vz\u00e1jomnej particip\u00e1cie zamestn\u00e1vate\u013ea a z\u00e1stupcov zamestnancov v oblasti pracovnopr\u00e1vnych n\u00e1rokov zamestnancov s d\u00f4razom na oblas\u0165 kolekt\u00edvneho vyjedn\u00e1vania\n\n\n<p class=\"kurzy-text\">- druhy z\u00e1stupcov zamestnancov a ich kompetencie\n\n\n<p class=\"kurzy-text\">- prerokovanie, spolurozhodovanie, pr\u00e1vo na informovanie a v\u00fdkon kontrolnej \u010dinnosti vo vz\u0165ahu k osobe zamestn\u00e1vate\u013ea, formy a \u010dasov\u00fd r\u00e1mec plnenia z\u00e1konn\u00fdch povinnost\u00ed zamestn\u00e1vate\u013eom\n\n\n<p class=\"kurzy-text\">- nerovnomern\u00e9 rozvrhnutie pracovn\u00e9ho \u010dasu, vyd\u00e1vanie vn\u00fatropodnikov\u00fdch predpisov,\n\n\n<p class=\"kurzy-text\">- prerokovanie skon\u010denia pracovn\u00e9ho pomeru, hromadn\u00e9 \u010derpanie dovolenky,\n\n\n<p class=\"kurzy-text\">- v\u00fdklad z\u00e1kona \u010d. 2\/1991 Zb. o kolekt\u00edvnom vyjedn\u00e1van\u00ed v platnom znen\u00ed\n\n\n<p class=\"kurzy-text\">- platnos\u0165 a \u00fa\u010dinnos\u0165 kolekt\u00edvnych zml\u00fav, druhy kolekt\u00edvnych zml\u00fav,\n\n\n<p class=\"kurzy-text\">- postup pri uzavieran\u00ed kolekt\u00edvnych zml\u00fav, prechod pr\u00e1v a povinnost\u00ed z pracovnopr\u00e1vnych vz\u0165ahov a kolekt\u00edvne zmluvy,\n\n\n<p class=\"kurzy-text\">- normat\u00edvna a z\u00e1v\u00e4zkov\u00e1 \u010das\u0165 kolekt\u00edvnych zml\u00fav, \u010do mo\u017eno upravi\u0165 v kolekt\u00edvnej zmluve, zmeny Z\u00e1konn\u00edka pr\u00e1ce a ich vplyv na obsah kolekt\u00edvnych zml\u00fav.\n\n\n\n<\/div>\n\n<hr \/>\n\n<img loading=\"lazy\" decoding=\"async\" class=\"alignnone size-full wp-image-236 kurz-icon\" src=\"http:\/\/llakurzy.sk\/pracovnepravo\/wp-content\/uploads\/2017\/08\/teacher.png\" alt=\"\" width=\"93\" height=\"93\" \/>\n<div class=\"kurz-info-h\">\n<p class=\"kurzy-title\">Lektori (alternat\u00edvne):\n\n\n<a class=\"carousel-control-prev\" role=\"button\" href=\"#myCarousel\" data-slide=\"prev\">\n<img decoding=\"async\" class=\"alignnone size-full wp-image-236 lektor-left\" src=\"http:\/\/llakurzy.sk\/pracovnepravo\/wp-content\/uploads\/2017\/08\/left.png\" \/>\n<\/a>\n<a class=\"carousel-control-next\" role=\"button\" href=\"#myCarousel\" data-slide=\"next\">\n<img decoding=\"async\" class=\"alignnone size-full wp-image-236 lektor-right\" src=\"http:\/\/llakurzy.sk\/pracovnepravo\/wp-content\/uploads\/2017\/08\/right.png\" \/>\n<\/a>\n<div id=\"myCarousel\" class=\"carousel slide\" data-ride=\"carousel\">\n<div class=\"carousel-inner\" role=\"listbox\">\n<div class=\"carousel-item active\">\n<div class=\"lektor\"><img decoding=\"async\" class=\"alignnone size-full wp-image-236\" src=\"http:\/\/llakurzy.sk\/pracovnepravo\/wp-content\/uploads\/2017\/08\/sustekova.png\" \/><\/div>\n<p class=\"lektor-meno\">JUDr. Simona Schusztekov\u00e1, PhD., LL.M.\n\n\n<p class=\"lektor-popis\"><a href=\"http:\/\/llakurzy.sk\/pracovnepravo\/lektori\/\">Viac<\/a>\n\n\n\n<\/div>\n<div class=\"carousel-item\">\n<div class=\"lektor\"><img decoding=\"async\" class=\"alignnone size-full wp-image-236\" src=\"http:\/\/llakurzy.sk\/pracovnepravo\/wp-content\/uploads\/2017\/08\/svec.png\" \/><\/div>\n<p class=\"lektor-meno\">doc. JUDr. Marek \u0160vec, PhD., LL.M.\n\n\n<p class=\"lektor-popis\"><a href=\"http:\/\/llakurzy.sk\/pracovnepravo\/lektori\/\">Viac<\/a>\n\n\n\n<\/div>\n<\/div>\n<\/div>\n<\/div>\n\n<hr \/>\n\n<img loading=\"lazy\" decoding=\"async\" class=\"alignnone size-full wp-image-236 kurz-icon\" src=\"http:\/\/llakurzy.sk\/pracovnepravo\/wp-content\/uploads\/2017\/08\/info.png\" alt=\"\" width=\"93\" height=\"93\" \/>\n<div class=\"kurz-info\">\n<p class=\"kurzy-title\">*pod\u013ea dohody mo\u017enos\u0165 \u00fapravy rozsahu i obsahu kurzu pod\u013ea po\u017eiadaviek\n\n\n<p class=\"kurzy-text\">\n\n\n\n<\/div><\/div>\n<\/div><\/div><\/div><\/div><div id=\"pgc-465-0-1\"  class=\"panel-grid-cell\" ><div id=\"panel-465-0-1-0\" class=\"so-panel widget widget_sow-editor panel-first-child panel-last-child\" data-index=\"1\" ><div class=\"panel-widget-style panel-widget-style-for-465-0-1-0\" ><div class=\"so-widget-sow-editor so-widget-sow-editor-base\">\n<div class=\"siteorigin-widget-tinymce textwidget\">\n\t<div class=\"price-left\"><\/div>\n<div class=\"price-right\"><\/div>\n<div class=\"price-cal\"><\/div>\n<div class=\"price-date\"><\/div>\n<div class=\"price-last\"><\/div>\n<a href=\"#\"><button>Prihl\u00e1si\u0165 sa<\/button><\/a><\/div>\n<\/div><\/div><\/div><\/div><\/div><\/div><\/div>","protected":false},"excerpt":{"rendered":"<p>Kurz 2A: Kompetencie z\u00e1stupcov zamestnancov a kolekt\u00edvne vyjedn\u00e1vanie Sp\u00e4\u0165 ku v\u0161etk\u00fdm kurzom &nbsp; Video: predstavenie kurzu Rozsah: 6 hod\u00edn Pre v\u0161etk\u00fdch: zamestnancov person\u00e1lnych a pr\u00e1vnych oddelen\u00ed, pr\u00e1vnikov, riadiacich zamestnancov so zodpovednos\u0165ou za person\u00e1lnu a mzdov\u00fa agendu Po\u010det \u00fa\u010dastn\u00edkov: max. 30 Cie\u013e a obsah kurzu: &#8211; osvojenie si z\u00e1kladn\u00fdch teoretick\u00fdch i praktick\u00fdch poznatkov z oblasti vz\u00e1jomnej [&hellip;]<\/p>\n","protected":false},"author":1,"featured_media":0,"parent":13,"menu_order":0,"comment_status":"closed","ping_status":"closed","template":"kurz-2a.php","meta":{"footnotes":""},"class_list":["post-465","page","type-page","status-publish","hentry"],"_links":{"self":[{"href":"http:\/\/llakurzy.sk\/pracovnepravo\/wp-json\/wp\/v2\/pages\/465","targetHints":{"allow":["GET"]}}],"collection":[{"href":"http:\/\/llakurzy.sk\/pracovnepravo\/wp-json\/wp\/v2\/pages"}],"about":[{"href":"http:\/\/llakurzy.sk\/pracovnepravo\/wp-json\/wp\/v2\/types\/page"}],"author":[{"embeddable":true,"href":"http:\/\/llakurzy.sk\/pracovnepravo\/wp-json\/wp\/v2\/users\/1"}],"replies":[{"embeddable":true,"href":"http:\/\/llakurzy.sk\/pracovnepravo\/wp-json\/wp\/v2\/comments?post=465"}],"version-history":[{"count":21,"href":"http:\/\/llakurzy.sk\/pracovnepravo\/wp-json\/wp\/v2\/pages\/465\/revisions"}],"predecessor-version":[{"id":929,"href":"http:\/\/llakurzy.sk\/pracovnepravo\/wp-json\/wp\/v2\/pages\/465\/revisions\/929"}],"up":[{"embeddable":true,"href":"http:\/\/llakurzy.sk\/pracovnepravo\/wp-json\/wp\/v2\/pages\/13"}],"wp:attachment":[{"href":"http:\/\/llakurzy.sk\/pracovnepravo\/wp-json\/wp\/v2\/media?parent=465"}],"curies":[{"name":"wp","href":"https:\/\/api.w.org\/{rel}","templated":true}]}}